{"id":4450,"date":"2021-12-09T23:08:35","date_gmt":"2021-12-09T23:08:35","guid":{"rendered":"https:\/\/cpatacabamcdev.wpengine.com\/?page_id=4450"},"modified":"2025-01-13T15:01:00","modified_gmt":"2025-01-13T15:01:00","slug":"competence-linguistique","status":"publish","type":"page","link":"https:\/\/cpata-cabamc.ca\/fr\/a-propos-de-nous\/politiques-du-registraire\/competence-linguistique\/","title":{"rendered":"Comp\u00e9tence linguistique"},"content":{"rendered":"\t\t<div data-elementor-type=\"wp-page\" data-elementor-id=\"4450\" class=\"elementor elementor-4450 elementor-4433\" data-elementor-post-type=\"page\">\n\t\t\t\t\t\t<section class=\"elementor-section elementor-top-section elementor-element elementor-element-3af4977 elementor-section-boxed elementor-section-height-default elementor-section-height-default\" data-id=\"3af4977\" data-element_type=\"section\" data-e-type=\"section\">\n\t\t\t\t\t\t<div class=\"elementor-container elementor-column-gap-default\">\n\t\t\t\t\t<div class=\"elementor-column elementor-col-100 elementor-top-column elementor-element elementor-element-2ff4d88\" data-id=\"2ff4d88\" data-element_type=\"column\" data-e-type=\"column\">\n\t\t\t<div class=\"elementor-widget-wrap elementor-element-populated\">\n\t\t\t\t\t\t<div class=\"elementor-element elementor-element-2c079a0 elementor-widget elementor-widget-text-editor\" data-id=\"2c079a0\" data-element_type=\"widget\" data-e-type=\"widget\" data-widget_type=\"text-editor.default\">\n\t\t\t\t<div class=\"elementor-widget-container\">\n\t\t\t\t\t\t\t\t\t<p><a href=\"https:\/\/cpata-cabamc.ca\/wp-content\/uploads\/2021\/12\/Politiques-du-Registraire-Competence-linguistique-Lanugage-Proficiency.pdf\">T\u00e9l\u00e9charger le PDF<\/a><\/p>\t\t\t\t\t\t\t\t<\/div>\n\t\t\t\t<\/div>\n\t\t\t\t<div class=\"elementor-element elementor-element-4ba2eff elementor-widget elementor-widget-text-editor\" data-id=\"4ba2eff\" data-element_type=\"widget\" data-e-type=\"widget\" data-widget_type=\"text-editor.default\">\n\t\t\t\t<div class=\"elementor-widget-container\">\n\t\t\t\t\t\t\t\t\t<table width=\"702\"><tbody><tr><td width=\"177\"><p><strong>ARTICLES APPLICABLES DE LA LOI, DES R\u00c8GLEMENTS ADMINISTRATIFS ET DES R\u00c8GLEMENTS et\/ou DES OBJECTIFS<\/strong><\/p><\/td><td colspan=\"3\" width=\"525\"><p>R\u00e8glements administratifs sur l\u2019inscription, alin\u00e9as 9c) et 12c)<\/p><\/td><\/tr><tr><td width=\"177\"><p><strong>RESPONSABLE<\/strong><\/p><\/td><td width=\"173\"><p>Registraire\u00a0<\/p><\/td><td width=\"172\"><p>\u00a0<\/p><\/td><td width=\"180\"><p>\u00a0<\/p><\/td><\/tr><tr><td width=\"177\"><p><strong>APPROUV\u00c9E PAR<\/strong><\/p><\/td><td width=\"173\"><p><strong>EN VIGUEUR\u00a0\u00a0\u00a0<\/strong>\u00a0\u00a0\u00a0\u00a0\u00a0\u00a0\u00a0\u00a0\u00a0\u00a0\u00a0\u00a0\u00a0\u00a0\u00a0\u00a0\u00a0\u00a0\u00a0<\/p><\/td><td width=\"172\"><p><strong>EXAMIN\u00c9E<\/strong><\/p><\/td><td width=\"180\"><p><strong>R\u00c9VIS\u00c9E<\/strong><\/p><\/td><\/tr><tr><td width=\"177\"><p><strong>Registraire<\/strong><\/p><\/td><td width=\"173\"><p>Le 28 juin 2021\u00a0\u00a0\u00a0\u00a0<\/p><\/td><td width=\"172\"><p>Le 11 octobre 2024<\/p><\/td><td width=\"180\"><p>Le 14\u00a0ao\u00fbt\u00a02024\u00a0\u00a0 \u00a0<\/p><\/td><\/tr><\/tbody><\/table><p>Dans le cadre de la pr\u00e9sente politique\u00a0:<\/p><ol type=\"a\"><li>\u00ab Personne demandeuse\u00a0\u00bb d\u00e9signe une personne qui a pr\u00e9sent\u00e9 une demande au Coll\u00e8ge pour devenir agent(e) de brevets ou agent(e) de marques de commerce en formation;<\/li><li>\u00ab Agent(e)\u00a0\u00bb d\u00e9signe une personne inscrite \u00e0 titre d\u2019agent(e) de brevets ou agent(e) de marques de commerce.<\/li><\/ol><h2><strong>Politique<\/strong><\/h2><p>\u00a0<\/p><p>L\u2019exercice de la profession d\u2019agent(e) de brevets ou d\u2019agent(e) de marques de commerce exige la ma\u00eetrise de l\u2019une des deux langues officielles du Canada comme comp\u00e9tence de base.<\/p><p>Le programme d\u2019inscription du Coll\u00e8ge veille \u00e0 ce que les personnes qui pr\u00e9sentent une demande pour devenir agent(e) en formation satisfassent \u00e0 l\u2019exigence de ma\u00eetrise de l\u2019anglais ou du fran\u00e7ais.<\/p><p>Pour satisfaire aux exigences d\u2019inscription, une personne demandeuse dont la langue maternelle est l\u2019anglais ou le fran\u00e7ais, ou dont les \u00e9tudes ont \u00e9t\u00e9 effectu\u00e9es en anglais ou en fran\u00e7ais, est consid\u00e9r\u00e9e comme ayant d\u00e9montr\u00e9 sa ma\u00eetrise de l\u2019une ou l\u2019autre langue.<\/p><p>Une personne demandeuse dont la langue maternelle n\u2019est ni l\u2019anglais ni le fran\u00e7ais, ou qui n\u2019a pas fait ses \u00e9tudes en anglais ou en fran\u00e7ais, doit d\u00e9montrer sa ma\u00eetrise de la langue soit par un test de comp\u00e9tence linguistique, soit en fournissant une preuve non objective de ses comp\u00e9tences linguistiques au moment de la soumission de sa demande pour devenir agent(e) en formation.<\/p><p>Le(la) registraire peut approuver la demande d\u2019inscription \u00e0 titre d\u2019agent(e) en formation d\u2019une personne incapable de d\u00e9montrer sa comp\u00e9tence linguistique, \u00e0 condition que cette derni\u00e8re s\u2019engage \u00e0 am\u00e9liorer ses comp\u00e9tences linguistiques tout en servant le public dans son milieu de travail sous surveillance. Les complexit\u00e9s juridiques et techniques associ\u00e9es au travail des agent(e)s de brevets et des agent(e)s de marques de commerce exigent un degr\u00e9 \u00e9lev\u00e9 de comp\u00e9tence en anglais ou en fran\u00e7ais. La ma\u00eetrise de la langue est essentielle en vue de d\u00e9montrer sa comp\u00e9tence dans le cadre des examens de comp\u00e9tences et en vue d\u2019exercer la profession ad\u00e9quatement.<\/p><p>La comp\u00e9tence linguistique en anglais ou en fran\u00e7ais soutient la protection du public, en exigeant que les personnes demandeuses d\u00e9montrent leur capacit\u00e9 \u00e0 communiquer de mani\u00e8re efficace. La pr\u00e9sente politique sert \u00e0 r\u00e9aliser les objectifs suivants\u00a0:<\/p><ol><li>Communication efficace\u00a0: Les agent(e)s doivent pouvoir communiquer clairement avec les client(e)s, les coll\u00e8gues, l\u2019Office de la propri\u00e9t\u00e9 intellectuelle du Canada (OPIC) et les autres intervenants. Il est essentiel que toutes les parties comprennent les d\u00e9tails des demandes de brevet ou de marque de commerce, qui peuvent \u00eatre complexes et techniques.<\/li><li>Conformit\u00e9 aux exigences\u00a0: Il est essentiel de comprendre et respecter les exigences juridiques et proc\u00e9durales. La comp\u00e9tence dans l\u2019une des langues officielles du Canada aide les agent(e)s \u00e0 s\u2019orienter adroitement au travers de la r\u00e9glementation, ce qui renforce la protection du public.<\/li><li>\u00c9valuation \u00e9quitable et inclusive\u00a0: La pr\u00e9sente politique offre des solutions de rechange permettant aux personnes demandeuses de d\u00e9montrer leur comp\u00e9tence linguistique, au moyen par exemple de l\u2019\u00e9ducation, de la r\u00e9alisation d\u2019un test linguistique formel ou d\u2019une preuve d\u2019exp\u00e9rience pratique. Cette approche favorise l\u2019\u00e9quit\u00e9 et l\u2019inclusion.<\/li><li>Comp\u00e9tence professionnelle\u00a0: La comp\u00e9tence linguistique est une comp\u00e9tence de base pour les agent(e)s de brevets et les agent(e)s de marques de commerce. Elle permet aux agent(e)s d\u2019exercer leurs fonctions de mani\u00e8re efficace, de la r\u00e9daction de documents et de r\u00e9ponses \u00e0 la repr\u00e9sentation de leurs client(e)s dans le cadre d\u2019une affaire aupr\u00e8s de l\u2019OPIC.<\/li><li>Confiance des client(e)s\u00a0: Les client(e)s sont plus susceptibles de faire confiance aux agent(e)s qui sont capables de communiquer efficacement dans leur langue privil\u00e9gi\u00e9e. Il s\u2019agit d\u2019un aspect important \u00e0 l\u2019\u00e9tablissement de relations professionnelles robustes.<\/li><li>Acc\u00e8s aux ressources\u00a0: De nombreuses ressources juridiques et techniques sont disponibles principalement en anglais ou en fran\u00e7ais, y compris des bases de donn\u00e9es, des lignes directrices et de la documentation professionnelle.<\/li><\/ol>\t\t\t\t\t\t\t\t<\/div>\n\t\t\t\t<\/div>\n\t\t\t\t<div class=\"elementor-element elementor-element-e3e4f54 elementor-widget elementor-widget-heading\" data-id=\"e3e4f54\" data-element_type=\"widget\" data-e-type=\"widget\" data-widget_type=\"heading.default\">\n\t\t\t\t<div class=\"elementor-widget-container\">\n\t\t\t\t\t<h2 class=\"elementor-heading-title elementor-size-default\">PROC\u00c9DURES<\/h2>\t\t\t\t<\/div>\n\t\t\t\t<\/div>\n\t\t\t\t<div class=\"elementor-element elementor-element-42e3775 elementor-widget elementor-widget-text-editor\" data-id=\"42e3775\" data-element_type=\"widget\" data-e-type=\"widget\" data-widget_type=\"text-editor.default\">\n\t\t\t\t<div class=\"elementor-widget-container\">\n\t\t\t\t\t\t\t\t\t<ol><li data-leveltext=\"%1.\" data-font=\"\" data-listid=\"12\" aria-setsize=\"-1\" data-aria-posinset=\"1\" data-aria-level=\"1\"><span style=\"text-decoration: underline;\">D\u00e9monstration des comp\u00e9tences linguistiques\u202f:<br \/><\/span><span data-ccp-props=\"{\"><br \/><\/span>Toute personne demandeuse qui ne satisfait pas aux exigences en mati\u00e8re de comp\u00e9tences linguistiques en ce qui concerne sa premi\u00e8re langue ou sa langue d\u2019enseignement doit soit :<ol type=\"a\"><li>passer un test de comp\u00e9tence linguistique normalis\u00e9 administr\u00e9 par un organisme d\u2019\u00e9valuation tiers reconnu et obtenir au minimum la note de passage pour ce test (annexe A). Les notes de passage exig\u00e9es aux tests linguistiques approuv\u00e9s refl\u00e8tent le niveau minimum de comp\u00e9tence en anglais ou en fran\u00e7ais n\u00e9cessaire pour qu\u2019une personne demandeuse potentielle puisse exercer avec succ\u00e8s le m\u00e9tier d\u2019agent(e) en formation et d\u2019agent(e), une fois inscrite. Les personnes demandeuses sont responsables du co\u00fbt des tests de comp\u00e9tence linguistique. Les r\u00e9sultats des tests sont valables pendant deux ans \u00e0 compter de la date \u00e0 laquelle le test a \u00e9t\u00e9 effectu\u00e9. L\u2019organisme d\u2019\u00e9valuation linguistique doit les envoyer directement au Coll\u00e8ge.<\/li><\/ol><\/li><\/ol><p style=\"padding-left: 40px;\">OU<\/p><ol><li style=\"list-style-type: none;\"><ol start=\"2\" type=\"a\"><li>fournir une preuve non objective de comp\u00e9tence linguistique. Le Coll\u00e8ge accepte les solutions de rechange \u00e0 un test de comp\u00e9tence linguistique normalis\u00e9. Une personne demandeuse peut satisfaire \u00e0 l\u2019exigence d\u2019inscription en fournissant une preuve non objective de ses comp\u00e9tences linguistiques d\u00e9montrant qu\u2019elle r\u00e9pond \u00e0 au moins DEUX des crit\u00e8res suivants\u00a0:<span data-contrast=\"none\"><span data-contrast=\"none\"><br \/><\/span><\/span><ol style=\"list-style-type: upper-roman;\"><li>Avoir termin\u00e9 avec succ\u00e8s une formation professionnelle pertinente dans un pays majoritairement anglophone ou francophone.<\/li><li>Avoir un emploi pertinent dans un pays majoritairement anglophone ou francophone dans un r\u00f4le similaire \u00e0 celui d\u2019un(e) agent(e) en formation ou d\u2019un(e) agent(e) inscrit(e).<\/li><li>Avoir termin\u00e9 avec succ\u00e8s les quatre derni\u00e8res ann\u00e9es d\u2019\u00e9tudes au Canada qui \u00e9tablissent l\u2019admissibilit\u00e9 \u00e0 pr\u00e9senter une demande d\u2019admission \u00e0 l\u2019universit\u00e9 ou au coll\u00e8ge.<\/li><li>Avoir obtenu un dipl\u00f4me d\u00e9livr\u00e9 par un \u00e9tablissement universitaire ou coll\u00e9gial canadien.<\/li><li>Avoir termin\u00e9 avec succ\u00e8s une ou plusieurs parties ou \u00e9preuves d\u2019un examen de qualification dans un domaine connexe.<\/li><li>\u00a0<\/li><\/ol><\/li><\/ol><\/li><\/ol><p><span style=\"text-decoration: underline;\"><span style=\"text-decoration: underline;\">Prolongation de la p\u00e9riode de validit\u00e9 des r\u00e9sultats d\u2019un test de comp\u00e9tence linguistique<br \/><\/span><\/span><\/p><p>Le Coll\u00e8ge peut prolonger la p\u00e9riode de validit\u00e9 des r\u00e9sultats du test de comp\u00e9tence linguistique d\u2019une personne demandeuse lorsque cette derni\u00e8re satisfait aux crit\u00e8res suivants :<\/p><ol type=\"a\"><li>La personne demandeuse suit ou a r\u00e9cemment termin\u00e9 avec succ\u00e8s la formation de 24\u00a0mois requise pour \u00e9tablir son admissibilit\u00e9 aux examens de comp\u00e9tence.<\/li><li>Les r\u00e9sultats originaux du test satisfont aux exigences en mati\u00e8re de comp\u00e9tence linguistique \u00e9nonc\u00e9es \u00e0 l\u2019annexe\u00a0A.<\/li><li>Les r\u00e9sultats originaux du test ont expir\u00e9 au cours des deux derni\u00e8res ann\u00e9es.<\/li><li>De l\u2019avis du registraire, rien n\u2019indique que la personne demandeuse ne ma\u00eetrise pas suffisamment l\u2019anglais ou le fran\u00e7ais.<\/li><\/ol><p>Une prolongation est valide pour une p\u00e9riode maximale d\u2019un an. Une deuxi\u00e8me prolongation d\u2019au plus un an peut \u00eatre demand\u00e9e apr\u00e8s la fin de la premi\u00e8re p\u00e9riode de prolongation. Lorsque la demande de prolongation de la p\u00e9riode de validit\u00e9 des r\u00e9sultats du test de comp\u00e9tence linguistique d\u2019une personne demandeuse est rejet\u00e9e, la personne demandeuse peut faire appel de cette d\u00e9cision aupr\u00e8s du comit\u00e9 d\u2019inscription.<\/p><p>Exception\u00a0: Nonobstant les exigences visant la prolongation de la p\u00e9riode de validit\u00e9 des r\u00e9sultats du test de comp\u00e9tence linguistique d\u00e9crites pr\u00e9c\u00e9demment, les r\u00e9sultats \u00e0 un test de comp\u00e9tence linguistique demeurent valides jusqu\u2019\u00e0 ce que la personne demandeuse re\u00e7oive la d\u00e9cision du registraire relative \u00e0 l\u2019inscription, ou jusqu\u2019\u00e0 ce que le Comit\u00e9 d\u2019inscription m\u00e8ne un contr\u00f4le, lorsque la personne demandeuse en fait la demande.<\/p><ol start=\"3\"><li>Le(la) registraire examinera les \u00e9l\u00e9ments de preuve pr\u00e9sent\u00e9s par la personne demandeuse pour d\u00e9terminer si l\u2019exigence en mati\u00e8re de comp\u00e9tence linguistique a \u00e9t\u00e9 satisfaite et prendra une d\u00e9cision.<\/li><\/ol><ol start=\"4\"><li>Le personnel du bureau d\u2019inscription communiquera la d\u00e9cision du(de la) registraire \u00e0 la personne demandeuse par \u00e9crit et lui fournira des instructions pour faire appel de la d\u00e9cision aupr\u00e8s du Comit\u00e9 d\u2019inscription si le(la) registraire juge que l\u2019exigence en mati\u00e8re de comp\u00e9tence linguistique n\u2019est pas satisfaite ou s\u2019il rejette une demande de prolongation de la p\u00e9riode de validit\u00e9 des r\u00e9sultats du test de comp\u00e9tence linguistique.<\/li><\/ol>\t\t\t\t\t\t\t\t<\/div>\n\t\t\t\t<\/div>\n\t\t\t\t<div class=\"elementor-element elementor-element-08deb41 elementor-widget elementor-widget-heading\" data-id=\"08deb41\" data-element_type=\"widget\" data-e-type=\"widget\" data-widget_type=\"heading.default\">\n\t\t\t\t<div class=\"elementor-widget-container\">\n\t\t\t\t\t<h2 class=\"elementor-heading-title elementor-size-default\">R\u00c9F\u00c9RENCES <\/h2>\t\t\t\t<\/div>\n\t\t\t\t<\/div>\n\t\t\t\t<div class=\"elementor-element elementor-element-aeef3f6 elementor-widget elementor-widget-text-editor\" data-id=\"aeef3f6\" data-element_type=\"widget\" data-e-type=\"widget\" data-widget_type=\"text-editor.default\">\n\t\t\t\t<div class=\"elementor-widget-container\">\n\t\t\t\t\t\t\t\t\t<p><a href=\"https:\/\/laws-lois.justice.gc.ca\/fra\/reglements\/DORS-2021-129\/page-1.html\" target=\"_blank\" rel=\"noopener\"><span data-contrast=\"none\">R\u00e8glement sur le CABAMC<\/span><\/a><span data-contrast=\"none\">\u00a0<\/span><span data-ccp-props=\"{&quot;201341983&quot;:0,&quot;335559739&quot;:240,&quot;335559740&quot;:312}\">\u00a0<\/span><\/p><p><a href=\"https:\/\/laws.justice.gc.ca\/fra\/reglements\/DORS-2023-73\/page-1.html\"><span data-contrast=\"none\">R\u00e8glements administratifs du CABAMC<\/span><\/a><span data-ccp-props=\"{&quot;201341983&quot;:0,&quot;335559739&quot;:240,&quot;335559740&quot;:312}\">\u00a0<\/span><\/p><p><a href=\"https:\/\/cpata-cabamc.ca\/fr\/a-propos-de-nous\/politiques-de-gouvernance\/\" target=\"_blank\" rel=\"noopener\"><span data-contrast=\"none\">Objectifs, normes et principes r\u00e9glementaires du CABAMC<\/span><\/a><span data-ccp-props=\"{&quot;201341983&quot;:0,&quot;335559739&quot;:240,&quot;335559740&quot;:312}\">\u00a0<\/span><\/p>\t\t\t\t\t\t\t\t<\/div>\n\t\t\t\t<\/div>\n\t\t\t\t<div class=\"elementor-element elementor-element-2ccac63 elementor-widget elementor-widget-heading\" data-id=\"2ccac63\" data-element_type=\"widget\" data-e-type=\"widget\" data-widget_type=\"heading.default\">\n\t\t\t\t<div class=\"elementor-widget-container\">\n\t\t\t\t\t<h2 class=\"elementor-heading-title elementor-size-default\">APPENDIX A<\/h2>\t\t\t\t<\/div>\n\t\t\t\t<\/div>\n\t\t\t\t<div class=\"elementor-element elementor-element-a92ad1f elementor-widget elementor-widget-shortcode\" data-id=\"a92ad1f\" data-element_type=\"widget\" data-e-type=\"widget\" data-widget_type=\"shortcode.default\">\n\t\t\t\t<div class=\"elementor-widget-container\">\n\t\t\t\t\t\t\t<div class=\"elementor-shortcode\">\n<table id=\"tablepress-11\" class=\"tablepress tablepress-id-11 tablepress-responsive\">\n<thead>\n<tr class=\"row-1\">\n\t<th class=\"column-1\"><b><span data-contrast=\"none\">Test de comp\u00e9tence linguistique<\/span><\/b><span data-ccp-props=\"{&quot;201341983&quot;:0,&quot;335559739&quot;:240,&quot;335559740&quot;:240}\">\u00a0<\/span><\/th><th class=\"column-2\"><b><span data-contrast=\"none\">Note minimale\u00a0<\/span><\/b><span data-ccp-props=\"{&quot;201341983&quot;:0,&quot;335559739&quot;:240,&quot;335559740&quot;:240}\">\u00a0<\/span><\/th>\n<\/tr>\n<\/thead>\n<tbody class=\"row-striping row-hover\">\n<tr class=\"row-2\">\n\t<td class=\"column-1\"><span data-contrast=\"none\">Test of English as a Foreign Language (TOEFL) (sur Internet et sur papier)<\/span><span data-ccp-props=\"{&quot;201341983&quot;:0,&quot;335559739&quot;:240,&quot;335559740&quot;:240}\">\u00a0<\/span><br \/>\n<br \/>\n<a href=\"http:\/\/www.ets.org\/toefl\/\"><span data-contrast=\"none\">http:\/\/www.ets.org\/toefl\/<\/span><\/a><span data-contrast=\"none\">\u00a0<\/span><span data-ccp-props=\"{&quot;201341983&quot;:0,&quot;335559739&quot;:240,&quot;335559740&quot;:240}\">\u00a0<\/span><br \/>\n<br \/>\n<span data-ccp-props=\"{&quot;201341983&quot;:0,&quot;335559739&quot;:240,&quot;335559740&quot;:240}\">\u00a0<\/span><\/td><td class=\"column-2\"><span data-contrast=\"none\">Note minimale g\u00e9n\u00e9rale\u202f: 96<\/span><span data-ccp-props=\"{&quot;201341983&quot;:0,&quot;335559739&quot;:240,&quot;335559740&quot;:240}\">\u00a0<\/span><br \/>\n<br \/>\n<span data-contrast=\"none\">Y compris une note minimale de<\/span><span data-ccp-props=\"{&quot;201341983&quot;:0,&quot;335559739&quot;:240,&quot;335559740&quot;:240}\">\u00a0<\/span><br \/>\n<br \/>\n<span data-contrast=\"none\">\u00a024\/30 en compr\u00e9hension de l\u2019\u00e9crit<\/span><span data-ccp-props=\"{&quot;201341983&quot;:0,&quot;335559739&quot;:240,&quot;335559740&quot;:240}\">\u00a0<\/span><br \/>\n<br \/>\n<span data-contrast=\"none\">\u00a024\/30 en compr\u00e9hension de l\u2019oral<\/span><span data-ccp-props=\"{&quot;201341983&quot;:0,&quot;335559739&quot;:240,&quot;335559740&quot;:240}\">\u00a0<\/span><br \/>\n<br \/>\n<span data-contrast=\"none\">\u00a024\/30 en expression orale<\/span><span data-ccp-props=\"{&quot;201341983&quot;:0,&quot;335559739&quot;:240,&quot;335559740&quot;:240}\">\u00a0<\/span><br \/>\n<br \/>\n<span data-contrast=\"none\">\u00a024\/30 en expression \u00e9crite<\/span><span data-ccp-props=\"{&quot;201341983&quot;:0,&quot;335559739&quot;:240,&quot;335559740&quot;:240}\">\u00a0<\/span><br \/>\n<br \/>\n<span data-ccp-props=\"{&quot;201341983&quot;:0,&quot;335559739&quot;:240,&quot;335559740&quot;:240}\">\u00a0<\/span><\/td>\n<\/tr>\n<tr class=\"row-3\">\n\t<td class=\"column-1\"><span data-contrast=\"none\">Module d\u2019\u00e9tudes de l\u2019International English\u00a0Language\u00a0Testing\u00a0System (IELTS)<\/span><span data-ccp-props=\"{&quot;201341983&quot;:0,&quot;335559739&quot;:240,&quot;335559740&quot;:240}\">\u00a0<\/span><br \/>\n<br \/>\n<a href=\"http:\/\/www.ieltscanada.ca\/\"><span data-contrast=\"none\">http:\/\/www.ieltscanada.ca\/<\/span><\/a><span data-contrast=\"none\">\u00a0<\/span><span data-ccp-props=\"{&quot;201341983&quot;:0,&quot;335559739&quot;:240,&quot;335559740&quot;:240}\">\u00a0<\/span><br \/>\n<br \/>\n<span data-ccp-props=\"{&quot;201341983&quot;:0,&quot;335559739&quot;:240,&quot;335559740&quot;:240}\">\u00a0<\/span><\/td><td class=\"column-2\"><span data-contrast=\"none\">Note minimale g\u00e9n\u00e9rale\u202f: 8,0 (module<\/span><span data-ccp-props=\"{&quot;201341983&quot;:0,&quot;335559739&quot;:240,&quot;335559740&quot;:240}\">\u00a0<\/span><br \/>\n<br \/>\n<span data-contrast=\"none\">d\u2019\u00e9tudes)\u00a0<\/span><span data-ccp-props=\"{&quot;201341983&quot;:0,&quot;335559739&quot;:240,&quot;335559740&quot;:240}\">\u00a0<\/span><br \/>\n<br \/>\n<span data-contrast=\"none\">Y compris une note minimale de<\/span><span data-ccp-props=\"{&quot;201341983&quot;:0,&quot;335559739&quot;:240,&quot;335559740&quot;:240}\">\u00a0<\/span><br \/>\n<br \/>\n<span data-contrast=\"none\">\u00a08,0 en compr\u00e9hension de l\u2019\u00e9crite<\/span><span data-ccp-props=\"{&quot;201341983&quot;:0,&quot;335559739&quot;:240,&quot;335559740&quot;:240}\">\u00a0<\/span><br \/>\n<br \/>\n<span data-contrast=\"none\">\u00a08,0 en compr\u00e9hension de l\u2019oral<\/span><span data-ccp-props=\"{&quot;201341983&quot;:0,&quot;335559739&quot;:240,&quot;335559740&quot;:240}\">\u00a0<\/span><br \/>\n<br \/>\n<span data-contrast=\"none\">\u00a08,0 en expression orale<\/span><span data-ccp-props=\"{&quot;201341983&quot;:0,&quot;335559739&quot;:240,&quot;335559740&quot;:240}\">\u00a0<\/span><br \/>\n<br \/>\n<span data-contrast=\"none\">\u00a08,0 en expression \u00e9crite<\/span><span data-ccp-props=\"{&quot;201341983&quot;:0,&quot;335559739&quot;:240,&quot;335559740&quot;:240}\">\u00a0<\/span><\/td>\n<\/tr>\n<tr class=\"row-4\">\n\t<td class=\"column-1\"><span data-contrast=\"none\">Batterie de tests de classement aux Niveaux de comp\u00e9tence linguistique canadiens (BTC-NCLC)\u00a0<\/span><span data-ccp-props=\"{&quot;201341983&quot;:0,&quot;335559739&quot;:240,&quot;335559740&quot;:240}\">\u00a0<\/span><br \/>\n<br \/>\n<a href=\"https:\/\/www.language.ca\/ressourcesexpertise\/pour-les-apprenants\/\"><span data-contrast=\"none\">https:\/\/www.language.ca\/ressourcesexpertise\/pour-les-apprenants\/<\/span><\/a><span data-contrast=\"none\">\u00a0<\/span><span data-ccp-props=\"{&quot;201341983&quot;:0,&quot;335559739&quot;:240,&quot;335559740&quot;:240}\">\u00a0<\/span><\/td><td class=\"column-2\"><span data-contrast=\"none\">11,0 en compr\u00e9hension de l\u2019\u00e9crit<\/span><span data-ccp-props=\"{&quot;201341983&quot;:0,&quot;335559739&quot;:240,&quot;335559740&quot;:240}\">\u00a0<\/span><br \/>\n<br \/>\n<span data-contrast=\"none\">11,0 en compr\u00e9hension de l\u2019oral<\/span><span data-ccp-props=\"{&quot;201341983&quot;:0,&quot;335559739&quot;:240,&quot;335559740&quot;:240}\">\u00a0<\/span><br \/>\n<br \/>\n<span data-contrast=\"none\">11,0 en expression orale<\/span><span data-ccp-props=\"{&quot;201341983&quot;:0,&quot;335559739&quot;:240,&quot;335559740&quot;:240}\">\u00a0<\/span><br \/>\n<br \/>\n<span data-contrast=\"none\">11,0 en expression \u00e9crite<\/span><span data-ccp-props=\"{&quot;201341983&quot;:0,&quot;335559739&quot;:240,&quot;335559740&quot;:240}\">\u00a0<\/span><\/td>\n<\/tr>\n<tr class=\"row-5\">\n\t<td class=\"column-1\"><span data-contrast=\"none\">Test Canadian Academic English Language,<\/span><span data-ccp-props=\"{&quot;201341983&quot;:0,&quot;335559739&quot;:240,&quot;335559740&quot;:240}\">\u00a0<\/span><br \/>\n<br \/>\n<span data-contrast=\"none\">Computer Edition (CAEL CE)<\/span><span data-ccp-props=\"{&quot;201341983&quot;:0,&quot;335559739&quot;:240,&quot;335559740&quot;:240}\">\u00a0<\/span><br \/>\n<br \/>\n<a href=\"https:\/\/www.cael.ca\/\"><span data-contrast=\"none\">https:\/\/www.cael.ca\/<\/span><\/a><span data-contrast=\"none\">\u00a0<\/span><span data-ccp-props=\"{&quot;201341983&quot;:0,&quot;335559739&quot;:240,&quot;335559740&quot;:240}\">\u00a0<\/span><br \/>\n<br \/>\n<span data-ccp-props=\"{&quot;201341983&quot;:0,&quot;335559739&quot;:240,&quot;335559740&quot;:240}\">\u00a0<\/span><\/td><td class=\"column-2\"><span data-contrast=\"none\">80 en compr\u00e9hension de l\u2019\u00e9crit<\/span><span data-ccp-props=\"{&quot;201341983&quot;:0,&quot;335559739&quot;:240,&quot;335559740&quot;:240}\">\u00a0<\/span><br \/>\n<br \/>\n<span data-contrast=\"none\">80 en compr\u00e9hension de l\u2019oral<\/span><span data-ccp-props=\"{&quot;201341983&quot;:0,&quot;335559739&quot;:240,&quot;335559740&quot;:240}\">\u00a0<\/span><br \/>\n<br \/>\n<span data-contrast=\"none\">80 en expression orale<\/span><span data-ccp-props=\"{&quot;201341983&quot;:0,&quot;335559739&quot;:240,&quot;335559740&quot;:240}\">\u00a0<\/span><br \/>\n<br \/>\n<span data-contrast=\"none\">80 en expression \u00e9crite<\/span><span data-ccp-props=\"{&quot;201341983&quot;:0,&quot;335559739&quot;:240,&quot;335559740&quot;:240}\">\u00a0<\/span><\/td>\n<\/tr>\n<tr class=\"row-6\">\n\t<td class=\"column-1\"><span data-contrast=\"none\">Canadian English Language Proficiency Index<\/span><span data-ccp-props=\"{&quot;201341983&quot;:0,&quot;335559739&quot;:240,&quot;335559740&quot;:240}\">\u00a0<\/span><br \/>\n<br \/>\n<span data-contrast=\"none\">Program<\/span><span data-ccp-props=\"{&quot;201341983&quot;:0,&quot;335559739&quot;:240,&quot;335559740&quot;:240}\">\u00a0<\/span><br \/>\n<br \/>\n<span data-contrast=\"none\">(CELPIP)<\/span><span data-ccp-props=\"{&quot;201341983&quot;:0,&quot;335559739&quot;:240,&quot;335559740&quot;:240}\">\u00a0<\/span><br \/>\n<br \/>\n<a href=\"https:\/\/www.celpip.ca\/\"><span data-contrast=\"none\">https:\/\/www.celpip.ca\/<\/span><\/a><span data-contrast=\"none\">\u00a0<\/span><span data-ccp-props=\"{&quot;201341983&quot;:0,&quot;335559739&quot;:240,&quot;335559740&quot;:240}\">\u00a0<\/span><br \/>\n<br \/>\n<span data-ccp-props=\"{&quot;201341983&quot;:0,&quot;335559739&quot;:240,&quot;335559740&quot;:240}\">\u00a0<\/span><\/td><td class=\"column-2\"><span data-contrast=\"none\">11,0 en compr\u00e9hension de l\u2019\u00e9crit<\/span><span data-ccp-props=\"{&quot;201341983&quot;:0,&quot;335559739&quot;:240,&quot;335559740&quot;:240}\">\u00a0<\/span><br \/>\n<br \/>\n<span data-contrast=\"none\">11,0 en compr\u00e9hension de l\u2019oral\u00a0<\/span><span data-ccp-props=\"{&quot;201341983&quot;:0,&quot;335559739&quot;:240,&quot;335559740&quot;:240}\">\u00a0<\/span><br \/>\n<br \/>\n<span data-contrast=\"none\">11,0 en expression orale\u00a0<\/span><span data-ccp-props=\"{&quot;201341983&quot;:0,&quot;335559739&quot;:240,&quot;335559740&quot;:240}\">\u00a0<\/span><br \/>\n<br \/>\n<span data-contrast=\"none\">11,0 en expression \u00e9crite<\/span><span data-ccp-props=\"{&quot;201341983&quot;:0,&quot;335559739&quot;:240,&quot;335559740&quot;:240}\">\u00a0<\/span><\/td>\n<\/tr>\n<tr class=\"row-7\">\n\t<td class=\"column-1\">Test d\u2019\u00e9valuation de fran\u00e7ais (TEF Canada)<br \/>\n<br \/>\n<a href=\"https:\/\/www.lefrancaisdesaffaires.fr\/candidat\/test-evaluation-francais\/\"><span data-contrast=\"none\">https:\/\/www.lefrancaisdesaffaires.fr\/candidat\/test-evaluation-francais\/<\/span><\/a><span data-contrast=\"none\">\u00a0<\/span><span data-ccp-props=\"{&quot;201341983&quot;:0,&quot;335559739&quot;:240,&quot;335559740&quot;:240}\">\u00a0<\/span><\/td><td class=\"column-2\">Note minimale g\u00e9n\u00e9rale sup\u00e9rieure ou \u00e9gale \u00e0 500<br \/>\n<br \/>\nC1 en compr\u00e9hension de l\u2019oral<br \/>\n<br \/>\nC1 en compr\u00e9hension de l\u2019\u00e9crit<br \/>\n<br \/>\nC1 en expression orale<br \/>\n<br \/>\nC1 en expression \u00e9crite<br \/>\n<\/td>\n<\/tr>\n<tr class=\"row-8\">\n\t<td class=\"column-1\">Test de connaissance du fran\u00e7ais (TCF Canada)<br \/>\n<br \/>\n<a href=\"https:\/\/www.france-education-international.fr\/test\/tcf-canada\"><span data-contrast=\"none\">https:\/\/www.france-education-international.fr\/test\/tcf-canada<\/span><\/a><span data-contrast=\"none\">\u00a0<\/span><span data-ccp-props=\"{&quot;201341983&quot;:0,&quot;335559739&quot;:240,&quot;335559740&quot;:240}\">\u00a0<\/span><\/td><td class=\"column-2\">C1 en compr\u00e9hension de l\u2019oral (note minimale de 549)<br \/>\n<br \/>\nC1 en compr\u00e9hension de lecture (note minimale de 549)<br \/>\n<br \/>\nC1 en expression \u00e9crite (note minimale de 16)<br \/>\n<br \/>\nC1 en expression orale (note minimale de 16)<br \/>\n<\/td>\n<\/tr>\n<\/tbody>\n<\/table>\n<!-- #tablepress-11 from cache --><\/div>\n\t\t\t\t\t\t<\/div>\n\t\t\t\t<\/div>\n\t\t\t\t\t<\/div>\n\t\t<\/div>\n\t\t\t\t\t<\/div>\n\t\t<\/section>\n\t\t\t\t<\/div>\n\t\t","protected":false},"excerpt":{"rendered":"<p>T\u00e9l\u00e9charger le PDF ARTICLES APPLICABLES DE LA LOI, DES R\u00c8GLEMENTS ADMINISTRATIFS ET DES R\u00c8GLEMENTS et\/ou<\/p>\n","protected":false},"author":6,"featured_media":0,"parent":4104,"menu_order":0,"comment_status":"closed","ping_status":"closed","template":"","meta":{"_acf_changed":false,"_monsterinsights_skip_tracking":false,"_monsterinsights_sitenote_active":false,"_monsterinsights_sitenote_note":"","_monsterinsights_sitenote_category":0,"site-sidebar-layout":"no-sidebar","site-content-layout":"page-builder","ast-site-content-layout":"default","site-content-style":"default","site-sidebar-style":"default","ast-global-header-display":"","ast-banner-title-visibility":"","ast-main-header-display":"","ast-hfb-above-header-display":"","ast-hfb-below-header-display":"","ast-hfb-mobile-header-display":"","site-post-title":"disabled","ast-breadcrumbs-content":"","ast-featured-img":"disabled","footer-sml-layout":"","theme-transparent-header-meta":"default","adv-header-id-meta":"","stick-header-meta":"","header-above-stick-meta":"","header-main-stick-meta":"","header-below-stick-meta":"","astra-migrate-meta-layouts":"default","ast-page-background-enabled":"default","ast-page-background-meta":{"desktop":{"background-color":"","background-image":"","background-repeat":"repeat","background-position":"center center","background-size":"auto","background-attachment":"scroll","background-type":"","background-media":"","overlay-type":"","overlay-color":"","overlay-opacity":"","overlay-gradient":""},"tablet":{"background-color":"","background-image":"","background-repeat":"repeat","background-position":"center center","background-size":"auto","background-attachment":"scroll","background-type":"","background-media":"","overlay-type":"","overlay-color":"","overlay-opacity":"","overlay-gradient":""},"mobile":{"background-color":"","background-image":"","background-repeat":"repeat","background-position":"center center","background-size":"auto","background-attachment":"scroll","background-type":"","background-media":"","overlay-type":"","overlay-color":"","overlay-opacity":"","overlay-gradient":""}},"ast-content-background-meta":{"desktop":{"background-color":"var(--ast-global-color-5)","background-image":"","background-repeat":"repeat","background-position":"center center","background-size":"auto","background-attachment":"scroll","background-type":"","background-media":"","overlay-type":"","overlay-color":"","overlay-opacity":"","overlay-gradient":""},"tablet":{"background-color":"var(--ast-global-color-5)","background-image":"","background-repeat":"repeat","background-position":"center center","background-size":"auto","background-attachment":"scroll","background-type":"","background-media":"","overlay-type":"","overlay-color":"","overlay-opacity":"","overlay-gradient":""},"mobile":{"background-color":"var(--ast-global-color-5)","background-image":"","background-repeat":"repeat","background-position":"center center","background-size":"auto","background-attachment":"scroll","background-type":"","background-media":"","overlay-type":"","overlay-color":"","overlay-opacity":"","overlay-gradient":""}},"footnotes":""},"folder":[],"class_list":["post-4450","page","type-page","status-publish","hentry"],"acf":[],"yoast_head":"<!-- This site is optimized with the Yoast SEO plugin v27.2 - https:\/\/yoast.com\/product\/yoast-seo-wordpress\/ -->\n<title>Comp\u00e9tence linguistique - CABAMC<\/title>\n<meta name=\"robots\" content=\"index, follow, max-snippet:-1, max-image-preview:large, max-video-preview:-1\" \/>\n<link rel=\"canonical\" href=\"https:\/\/cpata-cabamc.ca\/fr\/a-propos-de-nous\/politiques-du-registraire\/competence-linguistique\/\" \/>\n<meta property=\"og:locale\" content=\"fr_FR\" \/>\n<meta property=\"og:type\" content=\"article\" \/>\n<meta property=\"og:title\" content=\"Comp\u00e9tence linguistique - CABAMC\" \/>\n<meta property=\"og:description\" content=\"T\u00e9l\u00e9charger le PDF ARTICLES APPLICABLES DE LA LOI, DES R\u00c8GLEMENTS ADMINISTRATIFS ET DES R\u00c8GLEMENTS et\/ou\" \/>\n<meta property=\"og:url\" content=\"https:\/\/cpata-cabamc.ca\/fr\/a-propos-de-nous\/politiques-du-registraire\/competence-linguistique\/\" \/>\n<meta property=\"og:site_name\" content=\"CABAMC\" \/>\n<meta property=\"article:modified_time\" content=\"2025-01-13T15:01:00+00:00\" \/>\n<meta name=\"twitter:card\" content=\"summary_large_image\" \/>\n<meta name=\"twitter:label1\" content=\"Dur\u00e9e de lecture estim\u00e9e\" \/>\n\t<meta name=\"twitter:data1\" content=\"7 minutes\" \/>\n<script type=\"application\/ld+json\" class=\"yoast-schema-graph\">{\"@context\":\"https:\/\/schema.org\",\"@graph\":[{\"@type\":\"WebPage\",\"@id\":\"https:\/\/cpata-cabamc.ca\/fr\/a-propos-de-nous\/politiques-du-registraire\/competence-linguistique\/\",\"url\":\"https:\/\/cpata-cabamc.ca\/fr\/a-propos-de-nous\/politiques-du-registraire\/competence-linguistique\/\",\"name\":\"Comp\u00e9tence linguistique - CABAMC\",\"isPartOf\":{\"@id\":\"https:\/\/cpata-cabamc.ca\/fr\/#website\"},\"datePublished\":\"2021-12-09T23:08:35+00:00\",\"dateModified\":\"2025-01-13T15:01:00+00:00\",\"breadcrumb\":{\"@id\":\"https:\/\/cpata-cabamc.ca\/fr\/a-propos-de-nous\/politiques-du-registraire\/competence-linguistique\/#breadcrumb\"},\"inLanguage\":\"fr-FR\",\"potentialAction\":[{\"@type\":\"ReadAction\",\"target\":[\"https:\/\/cpata-cabamc.ca\/fr\/a-propos-de-nous\/politiques-du-registraire\/competence-linguistique\/\"]}]},{\"@type\":\"BreadcrumbList\",\"@id\":\"https:\/\/cpata-cabamc.ca\/fr\/a-propos-de-nous\/politiques-du-registraire\/competence-linguistique\/#breadcrumb\",\"itemListElement\":[{\"@type\":\"ListItem\",\"position\":1,\"name\":\"Accueil\",\"item\":\"https:\/\/cpata-cabamc.ca\/fr\/\"},{\"@type\":\"ListItem\",\"position\":2,\"name\":\"\u00c0 propos de nous\",\"item\":\"https:\/\/cpata-cabamc.ca\/fr\/about-us\/\"},{\"@type\":\"ListItem\",\"position\":3,\"name\":\"Politiques du registraire\",\"item\":\"https:\/\/cpata-cabamc.ca\/fr\/a-propos-de-nous\/politiques-du-registraire\/\"},{\"@type\":\"ListItem\",\"position\":4,\"name\":\"Comp\u00e9tence linguistique\"}]},{\"@type\":\"WebSite\",\"@id\":\"https:\/\/cpata-cabamc.ca\/fr\/#website\",\"url\":\"https:\/\/cpata-cabamc.ca\/fr\/\",\"name\":\"CABAMC\",\"description\":\"CABAMC\",\"publisher\":{\"@id\":\"https:\/\/cpata-cabamc.ca\/fr\/#organization\"},\"potentialAction\":[{\"@type\":\"SearchAction\",\"target\":{\"@type\":\"EntryPoint\",\"urlTemplate\":\"https:\/\/cpata-cabamc.ca\/fr\/?s={search_term_string}\"},\"query-input\":{\"@type\":\"PropertyValueSpecification\",\"valueRequired\":true,\"valueName\":\"search_term_string\"}}],\"inLanguage\":\"fr-FR\"},{\"@type\":\"Organization\",\"@id\":\"https:\/\/cpata-cabamc.ca\/fr\/#organization\",\"name\":\"CABAMC\",\"url\":\"https:\/\/cpata-cabamc.ca\/fr\/\",\"logo\":{\"@type\":\"ImageObject\",\"inLanguage\":\"fr-FR\",\"@id\":\"https:\/\/cpata-cabamc.ca\/fr\/#\/schema\/logo\/image\/\",\"url\":\"https:\/\/cpata-cabamc.ca\/wp-content\/uploads\/2021\/02\/Logo-Light-RGB.svg\",\"contentUrl\":\"https:\/\/cpata-cabamc.ca\/wp-content\/uploads\/2021\/02\/Logo-Light-RGB.svg\",\"caption\":\"CABAMC\"},\"image\":{\"@id\":\"https:\/\/cpata-cabamc.ca\/fr\/#\/schema\/logo\/image\/\"}}]}<\/script>\n<!-- \/ Yoast SEO plugin. -->","yoast_head_json":{"title":"Comp\u00e9tence linguistique - CABAMC","robots":{"index":"index","follow":"follow","max-snippet":"max-snippet:-1","max-image-preview":"max-image-preview:large","max-video-preview":"max-video-preview:-1"},"canonical":"https:\/\/cpata-cabamc.ca\/fr\/a-propos-de-nous\/politiques-du-registraire\/competence-linguistique\/","og_locale":"fr_FR","og_type":"article","og_title":"Comp\u00e9tence linguistique - CABAMC","og_description":"T\u00e9l\u00e9charger le PDF ARTICLES APPLICABLES DE LA LOI, DES R\u00c8GLEMENTS ADMINISTRATIFS ET DES R\u00c8GLEMENTS et\/ou","og_url":"https:\/\/cpata-cabamc.ca\/fr\/a-propos-de-nous\/politiques-du-registraire\/competence-linguistique\/","og_site_name":"CABAMC","article_modified_time":"2025-01-13T15:01:00+00:00","twitter_card":"summary_large_image","twitter_misc":{"Dur\u00e9e de lecture estim\u00e9e":"7 minutes"},"schema":{"@context":"https:\/\/schema.org","@graph":[{"@type":"WebPage","@id":"https:\/\/cpata-cabamc.ca\/fr\/a-propos-de-nous\/politiques-du-registraire\/competence-linguistique\/","url":"https:\/\/cpata-cabamc.ca\/fr\/a-propos-de-nous\/politiques-du-registraire\/competence-linguistique\/","name":"Comp\u00e9tence linguistique - CABAMC","isPartOf":{"@id":"https:\/\/cpata-cabamc.ca\/fr\/#website"},"datePublished":"2021-12-09T23:08:35+00:00","dateModified":"2025-01-13T15:01:00+00:00","breadcrumb":{"@id":"https:\/\/cpata-cabamc.ca\/fr\/a-propos-de-nous\/politiques-du-registraire\/competence-linguistique\/#breadcrumb"},"inLanguage":"fr-FR","potentialAction":[{"@type":"ReadAction","target":["https:\/\/cpata-cabamc.ca\/fr\/a-propos-de-nous\/politiques-du-registraire\/competence-linguistique\/"]}]},{"@type":"BreadcrumbList","@id":"https:\/\/cpata-cabamc.ca\/fr\/a-propos-de-nous\/politiques-du-registraire\/competence-linguistique\/#breadcrumb","itemListElement":[{"@type":"ListItem","position":1,"name":"Accueil","item":"https:\/\/cpata-cabamc.ca\/fr\/"},{"@type":"ListItem","position":2,"name":"\u00c0 propos de nous","item":"https:\/\/cpata-cabamc.ca\/fr\/about-us\/"},{"@type":"ListItem","position":3,"name":"Politiques du registraire","item":"https:\/\/cpata-cabamc.ca\/fr\/a-propos-de-nous\/politiques-du-registraire\/"},{"@type":"ListItem","position":4,"name":"Comp\u00e9tence linguistique"}]},{"@type":"WebSite","@id":"https:\/\/cpata-cabamc.ca\/fr\/#website","url":"https:\/\/cpata-cabamc.ca\/fr\/","name":"CABAMC","description":"CABAMC","publisher":{"@id":"https:\/\/cpata-cabamc.ca\/fr\/#organization"},"potentialAction":[{"@type":"SearchAction","target":{"@type":"EntryPoint","urlTemplate":"https:\/\/cpata-cabamc.ca\/fr\/?s={search_term_string}"},"query-input":{"@type":"PropertyValueSpecification","valueRequired":true,"valueName":"search_term_string"}}],"inLanguage":"fr-FR"},{"@type":"Organization","@id":"https:\/\/cpata-cabamc.ca\/fr\/#organization","name":"CABAMC","url":"https:\/\/cpata-cabamc.ca\/fr\/","logo":{"@type":"ImageObject","inLanguage":"fr-FR","@id":"https:\/\/cpata-cabamc.ca\/fr\/#\/schema\/logo\/image\/","url":"https:\/\/cpata-cabamc.ca\/wp-content\/uploads\/2021\/02\/Logo-Light-RGB.svg","contentUrl":"https:\/\/cpata-cabamc.ca\/wp-content\/uploads\/2021\/02\/Logo-Light-RGB.svg","caption":"CABAMC"},"image":{"@id":"https:\/\/cpata-cabamc.ca\/fr\/#\/schema\/logo\/image\/"}}]}},"_links":{"self":[{"href":"https:\/\/cpata-cabamc.ca\/fr\/wp-json\/wp\/v2\/pages\/4450","targetHints":{"allow":["GET"]}}],"collection":[{"href":"https:\/\/cpata-cabamc.ca\/fr\/wp-json\/wp\/v2\/pages"}],"about":[{"href":"https:\/\/cpata-cabamc.ca\/fr\/wp-json\/wp\/v2\/types\/page"}],"author":[{"embeddable":true,"href":"https:\/\/cpata-cabamc.ca\/fr\/wp-json\/wp\/v2\/users\/6"}],"replies":[{"embeddable":true,"href":"https:\/\/cpata-cabamc.ca\/fr\/wp-json\/wp\/v2\/comments?post=4450"}],"version-history":[{"count":0,"href":"https:\/\/cpata-cabamc.ca\/fr\/wp-json\/wp\/v2\/pages\/4450\/revisions"}],"up":[{"embeddable":true,"href":"https:\/\/cpata-cabamc.ca\/fr\/wp-json\/wp\/v2\/pages\/4104"}],"wp:attachment":[{"href":"https:\/\/cpata-cabamc.ca\/fr\/wp-json\/wp\/v2\/media?parent=4450"}],"wp:term":[{"taxonomy":"folder","embeddable":true,"href":"https:\/\/cpata-cabamc.ca\/fr\/wp-json\/wp\/v2\/folder?post=4450"}],"curies":[{"name":"wp","href":"https:\/\/api.w.org\/{rel}","templated":true}]}}